{"id":1123,"date":"2026-03-13T15:19:00","date_gmt":"2026-03-13T14:19:00","guid":{"rendered":"https:\/\/egpebordeauxgironde.fr\/?page_id=1123"},"modified":"2026-03-31T16:46:58","modified_gmt":"2026-03-31T14:46:58","slug":"nous-lavons-fait","status":"publish","type":"page","link":"https:\/\/egpebordeauxgironde.fr\/?page_id=1123","title":{"rendered":"Nous l&rsquo;avons fait !"},"content":{"rendered":"\n<h2 class=\"wp-block-heading has-medium-font-size\">le jeudi 26 mars<\/h2>\n\n\n\n<p style=\"font-size:15px\">Nous avons accueilli un jeune notaire, Louis Reveleau , dont l&rsquo;\u00e9tude est situ\u00e9e 67 rue Lecoq, et qui a expos\u00e9 \u00e0 l&rsquo;assembl\u00e9e les diff\u00e9rents types de contrat (mariage, PACS et concubinage) puis&nbsp; les pratiques \/ cons\u00e9quences des dons et diverses transmissions, incluant les diff\u00e9rentes impositions auxquels sont soumis ces actes juridiques. L&rsquo;assembl\u00e9e, tr\u00e8s int\u00e9ress\u00e9e, a pos\u00e9 de nombreuses questions au conf\u00e9rencier qui a aussi rappel\u00e9 que tout notaire avait un r\u00f4le de conseiller (\u00e0 titre gratuit).<\/p>\n\n\n<div class=\"wp-block-image\">\n<figure class=\"aligncenter size-full is-resized\"><img loading=\"lazy\" decoding=\"async\" width=\"222\" height=\"225\" src=\"https:\/\/egpebordeauxgironde.fr\/wp-content\/uploads\/2025\/12\/notaire.jpg\" alt=\"\" class=\"wp-image-1039\" style=\"width:123px;height:auto\"\/><\/figure>\n<\/div>\n\n\n<h2 class=\"wp-block-heading has-medium-font-size\">le jeudi 12 mars<\/h2>\n\n\n\n\n\n<p>Nous \u00e9tions une vingtaine \u00e0 visiter l&rsquo;entreprise Meneau \u00e0 St Loub\u00e8s. Son directeur Monsieur Lassale Saint Jean nous a retrac\u00e9 toute l&rsquo;histoire de cette fabrique de sirops de fruits Bio depuis 1879, puis nous avons pu comprendre en parcourant l&rsquo;usine les transformations du sucre brut jusqu&rsquo;\u00e0 la mise en bouteilles puis en cartons des produits fabriqu\u00e9es.<\/p>\n\n\n<div class=\"wp-block-image\">\n<figure class=\"aligncenter size-full is-resized\"><img loading=\"lazy\" decoding=\"async\" width=\"300\" height=\"225\" src=\"https:\/\/egpebordeauxgironde.fr\/wp-content\/uploads\/2026\/03\/Visite-meneau-.jpg\" alt=\"\" class=\"wp-image-1131\" style=\"width:187px;height:auto\"\/><\/figure>\n<\/div>\n\n\n<h2 class=\"wp-block-heading has-medium-font-size\">Le mardi 3 mars<\/h2>\n\n\n\n<p>\u00a0\u00bb Rites et Rituels \u00a0\u00bb Tel \u00e9tait le th\u00e8me que nous avons abord\u00e9 lors de notre \u00ab\u00a0caf\u00e9 des grands-parents\u00a0\u00bb  Nous nous sommes retrouv\u00e9s au Rohan \u00e0 14h30 pour \u00e9changer avec plaisir.<\/p>\n\n\n<div class=\"wp-block-image\">\n<figure class=\"aligncenter size-full is-resized\"><img loading=\"lazy\" decoding=\"async\" width=\"299\" height=\"237\" src=\"https:\/\/egpebordeauxgironde.fr\/wp-content\/uploads\/2025\/11\/cafe-237.jpg\" alt=\"\" class=\"wp-image-990\" style=\"width:173px;height:auto\"\/><\/figure>\n<\/div>\n\n\n<h2 class=\"wp-block-heading has-medium-font-size\">Les 27 et 28 f\u00e9vrier <\/h2>\n\n\n\n<p>Nous \u00e9tions pr\u00e9sents au Salon des S\u00e9niors au Palais des Congr\u00e8s de Bordeaux afin de faire d\u00e9couvrir notre association et esp\u00e9rer accueillir de nouveaux adh\u00e9rents.<\/p>\n\n\n\n<h2 class=\"wp-block-heading has-medium-font-size\">Le jeudi 5 f\u00e9vrier<\/h2>\n\n\n\n<p>Nos amies de \u00ab\u00a0Tricotez Coeur\u00a0\u00bb nous ont propos\u00e9 un atelier tricot . Elles ont partag\u00e9s avec nous leur savoir-faire, et elles ont permis \u00e0 certain et certaines d&rsquo;entre-nous de retrouver les joies de la cr\u00e9ation par le tricot.<\/p>\n\n\n<div class=\"wp-block-image\">\n<figure class=\"aligncenter size-full\"><img loading=\"lazy\" decoding=\"async\" width=\"200\" height=\"139\" src=\"https:\/\/egpebordeauxgironde.fr\/wp-content\/uploads\/2025\/04\/coeurpetit.jpg\" alt=\"\" class=\"wp-image-221\"\/><\/figure>\n<\/div>\n\n\n<h2 class=\"wp-block-heading has-medium-font-size\">Le jeudi 22 janvier<\/h2>\n\n\n\n<p>L&rsquo;atelier \u00ab\u00a0Clic et D\u00e9clic\u00a0\u00bb. Gr\u00e2ce \u00e0 No\u00eblle Saintup\u00e9ry et Louis Austchizky nous avons pu comprendre les \u00e9volutions des syst\u00e8mes informatiques, et de l&rsquo;I.A. Cet expos\u00e9 fut suivi d&rsquo;un atelier pratique avec les r\u00e9ponses de nos intervenants sur les questions li\u00e9s \u00e0 nos propres appareils num\u00e9riques et les r\u00e9parations de mini-pannes!<\/p>\n\n\n<div class=\"wp-block-image\">\n<figure class=\"aligncenter size-full is-resized\"><img loading=\"lazy\" decoding=\"async\" width=\"192\" height=\"192\" src=\"https:\/\/egpebordeauxgironde.fr\/wp-content\/uploads\/2025\/12\/tel-portable.jpg\" alt=\"\" class=\"wp-image-1046\" style=\"width:176px;height:auto\" srcset=\"https:\/\/egpebordeauxgironde.fr\/wp-content\/uploads\/2025\/12\/tel-portable.jpg 192w, https:\/\/egpebordeauxgironde.fr\/wp-content\/uploads\/2025\/12\/tel-portable-150x150.jpg 150w\" sizes=\"auto, (max-width: 192px) 100vw, 192px\" \/><\/figure>\n<\/div>\n\n\n<h2 class=\"wp-block-heading has-medium-font-size\">Le mardi 13 janvier <\/h2>\n\n\n\n<p>\u00a0\u00bb \u00ab&nbsp;L\u2019argent, les grands parents, les petits-enfants \u2026\u00c9galit\u00e9, \u00e9quit\u00e9, justice, amour, solidarit\u00e9 \u2026&nbsp;\u00bb \u00a0\u00bb Tel \u00e9tait le th\u00e8me que nous avons abord\u00e9 lors de notre \u00ab\u00a0caf\u00e9 des grands-parents\u00a0\u00bb  Ce sujet nous a permis de nombreux \u00e9changes et n&rsquo;a laiss\u00e9 personne indiff\u00e9rent ! <\/p>\n\n\n<div class=\"wp-block-image\">\n<figure class=\"aligncenter size-full is-resized\"><img loading=\"lazy\" decoding=\"async\" width=\"299\" height=\"237\" src=\"https:\/\/egpebordeauxgironde.fr\/wp-content\/uploads\/2025\/11\/cafe-237.jpg\" alt=\"\" class=\"wp-image-990\" style=\"width:143px;height:auto\"\/><\/figure>\n<\/div>\n\n\n<h2 class=\"wp-block-heading has-medium-font-size\">le 8 janvier<\/h2>\n\n\n\n<p>Nous nous sommes retrouv\u00e9s avec plaisir pour la 1\u00e8re rencontre de l&rsquo;ann\u00e9e 2026 autour d&rsquo;un brunch et de galettes fa\u00e7on \u00ab\u00a0auberge espagnole\u00a0\u00bb Adh\u00e9rents et sympathisants \u00e9taient heureux de pouvoir \u00e9changer et faire plus ample connaissance. <\/p>\n\n\n<div class=\"wp-block-image\">\n<figure class=\"aligncenter size-full is-resized\"><img loading=\"lazy\" decoding=\"async\" width=\"626\" height=\"417\" src=\"https:\/\/egpebordeauxgironde.fr\/wp-content\/uploads\/2025\/04\/seder-paque-familles-partageant-repas-design-est-traditionnel-festival-png-illustrations-art-plat-2d_1142283-340824-1.jpg\" alt=\"\" class=\"wp-image-149\" style=\"width:209px;height:auto\" srcset=\"https:\/\/egpebordeauxgironde.fr\/wp-content\/uploads\/2025\/04\/seder-paque-familles-partageant-repas-design-est-traditionnel-festival-png-illustrations-art-plat-2d_1142283-340824-1.jpg 626w, https:\/\/egpebordeauxgironde.fr\/wp-content\/uploads\/2025\/04\/seder-paque-familles-partageant-repas-design-est-traditionnel-festival-png-illustrations-art-plat-2d_1142283-340824-1-300x200.jpg 300w\" sizes=\"auto, (max-width: 626px) 100vw, 626px\" \/><\/figure>\n<\/div>\n\n\n<h2 class=\"wp-block-heading has-text-align-center has-x-large-font-size\">2026<\/h2>\n\n\n\n<h2 class=\"wp-block-heading has-medium-font-size\">Le jeudi 4 d\u00e9cembre <\/h2>\n\n\n\n<p> <strong>\u00ab&nbsp;Grands-parents d\u2019ici et d\u2019ailleurs&nbsp;: quand l\u2019interculturalit\u00e9 s\u2019invite dans les relations&nbsp;\u00bb<\/strong>.  Ivy Daure, docteur en psychologie et enseignante \u00e0 l\u2019universit\u00e9 de Bordeaux, a expliqu\u00e9 avec brio \u00e0 l\u2019assembl\u00e9e les atouts et les difficult\u00e9s dans les familles \u00e0 commencer par l\u2019accueil d\u2019un beau-fils ou d\u2019une belle-fille dont l\u2019\u00e9ducation est diff\u00e9rente, puis de ceux dont la culture et la langue sont autres\u2026de toute \u00e9vidence, l\u2019assembl\u00e9e a largement appr\u00e9ci\u00e9 ces \u00e9changes et nous esp\u00e9rons accueillir une nouvelle fois cette oratrice hors pair.<\/p>\n\n\n\n<h2 class=\"wp-block-heading has-medium-font-size\">le jeudi 20 novembre <\/h2>\n\n\n\n<p>\u00ab&nbsp;<strong>Quand la&nbsp;famille est en deuil, quelle place et quel r\u00f4le pour les&nbsp;grands-parents ?&nbsp;\u00bb  <\/strong>Agn\u00e8s Auschitzka, psychologue, Autchiska est venue expliquer aux grands-parents quelle pouvait \u00eatre leur place en cas de deuil dans une famille, sans \u00e9mettre, jamais, le moindre jugement de valeur sur le chagrin de chacun.<\/p>\n\n\n<div class=\"wp-block-image\">\n<figure class=\"aligncenter size-full is-resized\"><img loading=\"lazy\" decoding=\"async\" width=\"211\" height=\"316\" src=\"https:\/\/egpebordeauxgironde.fr\/wp-content\/uploads\/2026\/03\/image.png\" alt=\"\" class=\"wp-image-1134\" style=\"aspect-ratio:0.6677367576243981;width:120px;height:auto\" srcset=\"https:\/\/egpebordeauxgironde.fr\/wp-content\/uploads\/2026\/03\/image.png 211w, https:\/\/egpebordeauxgironde.fr\/wp-content\/uploads\/2026\/03\/image-200x300.png 200w\" sizes=\"auto, (max-width: 211px) 100vw, 211px\" \/><\/figure>\n<\/div>\n\n\n<h2 class=\"wp-block-heading has-medium-font-size\">Le jeudi 6 novembre <\/h2>\n\n\n\n<p>2eme session de l\u2019atelier Fratrie avec la suite des partages sur les ressentis de chacun. <\/p>\n\n\n<div class=\"wp-block-image\">\n<figure class=\"aligncenter size-full is-resized\"><img loading=\"lazy\" decoding=\"async\" width=\"364\" height=\"256\" src=\"https:\/\/egpebordeauxgironde.fr\/wp-content\/uploads\/2025\/09\/atelier.jpg\" alt=\"\" class=\"wp-image-948\" style=\"width:154px;height:auto\" srcset=\"https:\/\/egpebordeauxgironde.fr\/wp-content\/uploads\/2025\/09\/atelier.jpg 364w, https:\/\/egpebordeauxgironde.fr\/wp-content\/uploads\/2025\/09\/atelier-300x211.jpg 300w\" sizes=\"auto, (max-width: 364px) 100vw, 364px\" \/><\/figure>\n<\/div>\n\n\n<h2 class=\"wp-block-heading has-medium-font-size\">le mardi 4 novembre<\/h2>\n\n\n\n<p>\u00ab\u00a0<strong>\u00ab \u00catre grand-parent dans une famille recompos\u00e9e&nbsp;\u00bb \u00ab\u00a0<\/strong> Tel \u00e9tait le th\u00e8me que nous avons abord\u00e9 lors de notre second \u00ab\u00a0caf\u00e9 des grands-parents\u00a0\u00bb  Certains ont pu t\u00e9moigner et \u00e9changer sur ce sujet sensible.<\/p>\n\n\n<div class=\"wp-block-image\">\n<figure class=\"aligncenter size-full is-resized\"><img loading=\"lazy\" decoding=\"async\" width=\"299\" height=\"237\" src=\"https:\/\/egpebordeauxgironde.fr\/wp-content\/uploads\/2025\/11\/cafe-237.jpg\" alt=\"\" class=\"wp-image-990\" style=\"aspect-ratio:1.2616009169080613;width:146px;height:auto\"\/><\/figure>\n<\/div>\n\n\n<div class=\"wp-block-columns is-layout-flex wp-container-core-columns-is-layout-9d6595d7 wp-block-columns-is-layout-flex\">\n<div class=\"wp-block-column is-layout-flow wp-block-column-is-layout-flow\"><\/div>\n\n\n\n<div class=\"wp-block-column is-layout-flow wp-block-column-is-layout-flow\"><\/div>\n<\/div>\n\n\n\n<h2 class=\"wp-block-heading has-medium-font-size\">Le mardi 14 octobre<\/h2>\n\n\n\n<p>\u00ab\u00a0<strong> Les souvenirs de vacances avec une relecture de l\u2019\u00e9t\u00e9 en tant que Grand-parent<\/strong> \u00a0\u00bb Voici le premier th\u00e8me pour notre nouveaut\u00e9 le caf\u00e9 des grands-parents ! Nous nous sommes retrouv\u00e9s au Caf\u00e9 Le Rohan pour un \u00e9change interactif sur notre \u00e9t\u00e9 avec nos petits-enfants. Quelques anecdotes ont fus\u00e9 , et ont bien amus\u00e9 les pr\u00e9sents!<\/p>\n\n\n<div class=\"wp-block-image\">\n<figure class=\"aligncenter size-full is-resized\"><img loading=\"lazy\" decoding=\"async\" width=\"299\" height=\"237\" src=\"https:\/\/egpebordeauxgironde.fr\/wp-content\/uploads\/2025\/11\/cafe-237.jpg\" alt=\"\" class=\"wp-image-990\" style=\"width:165px;height:auto\"\/><\/figure>\n<\/div>\n\n\n<h2 class=\"wp-block-heading has-medium-font-size\">Le jeudi 9 octobre<\/h2>\n\n\n\n<p><strong> \u00ab&nbsp;Prendre soin de la famille, des grands-parents aux petits-enfants&nbsp;: la th\u00e9rapie familiale&nbsp;\u00bb <\/strong>voici le titre de la conf\u00e9rence faite par Thierry Vimard, m\u00e9decin puis th\u00e9rapeute familial. Conf\u00e9rence faite durant la Semaine Bleue organis\u00e9e par la ville de Bordeaux.<\/p>\n\n\n\n<h2 class=\"wp-block-heading has-medium-font-size\">Les 26\/27 et 28 septembre<\/h2>\n\n\n\n<p>Nous avons tenu un stand au Contre-Salon du Cnav, \u00e0 la halle des Douves. Ce qui nous a permis de pr\u00e9senter l&rsquo;association \u00e0 un large public.<\/p>\n\n\n<div class=\"wp-block-image\">\n<figure class=\"aligncenter size-full is-resized\"><img loading=\"lazy\" decoding=\"async\" width=\"461\" height=\"640\" src=\"https:\/\/egpebordeauxgironde.fr\/wp-content\/uploads\/2025\/06\/CNAV.png\" alt=\"\" class=\"wp-image-885\" style=\"aspect-ratio:0.7203174324920834;width:112px;height:auto\" srcset=\"https:\/\/egpebordeauxgironde.fr\/wp-content\/uploads\/2025\/06\/CNAV.png 461w, https:\/\/egpebordeauxgironde.fr\/wp-content\/uploads\/2025\/06\/CNAV-216x300.png 216w\" sizes=\"auto, (max-width: 461px) 100vw, 461px\" \/><\/figure>\n<\/div>\n\n\n<h2 class=\"wp-block-heading has-medium-font-size\">Le samedi 6 septembre <\/h2>\n\n\n\n<p>Se tenait Place Pey Berlan le forum des Associations de la Ville de Bordeaux. Nous y avons pr\u00e9sent\u00e9 notre association et rencontr\u00e9 de futurs adh\u00e9rents.<\/p>\n\n\n<div class=\"wp-block-image\">\n<figure class=\"aligncenter size-full is-resized\"><img loading=\"lazy\" decoding=\"async\" width=\"387\" height=\"130\" src=\"https:\/\/egpebordeauxgironde.fr\/wp-content\/uploads\/2025\/06\/ville-de-bx.png\" alt=\"\" class=\"wp-image-850\" style=\"aspect-ratio:2.976952683002168;width:173px;height:auto\" srcset=\"https:\/\/egpebordeauxgironde.fr\/wp-content\/uploads\/2025\/06\/ville-de-bx.png 387w, https:\/\/egpebordeauxgironde.fr\/wp-content\/uploads\/2025\/06\/ville-de-bx-300x101.png 300w\" sizes=\"auto, (max-width: 387px) 100vw, 387px\" \/><\/figure>\n<\/div>\n\n\n<h2 class=\"wp-block-heading has-medium-font-size\">Le jeudi 5 juin<\/h2>\n\n\n\n<p><strong>\u00ab&nbsp;La neurogym&nbsp;: \u00e0 utiliser sans mod\u00e9ration, \u00e0 tous les \u00e2ges&nbsp;\u00bb<\/strong>, voici le programme de l&rsquo;association <em>J&rsquo;avance 33<\/em> qui nous a offert une s\u00e9ance de jeux dans le rire et la bonne humeur.<\/p>\n\n\n\n<h2 class=\"wp-block-heading has-medium-font-size\">Le jeudi 22 mai<\/h2>\n\n\n\n<p><strong>Assembl\u00e9e G\u00e9n\u00e9rale de l\u2019EGPE<\/strong>   L\u2019ordre du jour a \u00e9t\u00e9 adress\u00e9 par mail \u00e0 tous nos adh\u00e9rents et nous \u00e9tions ravies de voir nos sympathisants nous rejoindre et apporter leurs id\u00e9es. La pr\u00e9sentation de l&rsquo;ann\u00e9e 2024 fut partag\u00e9e avec Gis\u00e8le, notre ancienne pr\u00e9sidente jusqu&rsquo;en mai 2024.<\/p>\n\n\n\n<h2 class=\"wp-block-heading has-medium-font-size\">Le mardi 20 mai <\/h2>\n\n\n\n<p>Sortie annuelle pour la visite de la charmante petite ville de St Macaire et du Domaine de Malagar.<\/p>\n\n\n<div class=\"wp-block-image\">\n<figure class=\"aligncenter size-full is-resized\"><img loading=\"lazy\" decoding=\"async\" width=\"1000\" height=\"625\" src=\"https:\/\/egpebordeauxgironde.fr\/wp-content\/uploads\/2025\/04\/so-5c5c1eb266a4bd05335ac226-ph0.jpg\" alt=\"\" class=\"wp-image-527\" style=\"aspect-ratio:1.599999976715248;width:208px;height:auto\" srcset=\"https:\/\/egpebordeauxgironde.fr\/wp-content\/uploads\/2025\/04\/so-5c5c1eb266a4bd05335ac226-ph0.jpg 1000w, https:\/\/egpebordeauxgironde.fr\/wp-content\/uploads\/2025\/04\/so-5c5c1eb266a4bd05335ac226-ph0-300x188.jpg 300w, https:\/\/egpebordeauxgironde.fr\/wp-content\/uploads\/2025\/04\/so-5c5c1eb266a4bd05335ac226-ph0-768x480.jpg 768w\" sizes=\"auto, (max-width: 1000px) 100vw, 1000px\" \/><\/figure>\n<\/div>\n\n\n<h2 class=\"wp-block-heading has-medium-font-size\">Le jeudi 15 mai <\/h2>\n\n\n\n<p><strong>\u00ab&nbsp;Orientation scolaire, Parcoursup,<\/strong> <strong>&nbsp;ce qui pr\u00e9occupe nos petits-enfants&nbsp;\u00bb<\/strong> Anne-Claude Clarke nous a proposer d&rsquo;aborder ces diff\u00e9rentes questions pour mieux comprendre ce qui se joue et permettre \u00e0 nous ,grands-parents,  leurs  , d&rsquo;accueillir les pr\u00e9occupations de nos petits-enfants.&nbsp;Cette coach de lyc\u00e9ens a d\u00e9mystifi\u00e9 Parcours sup puis elle a expliqu\u00e9 \u00e0 l\u2019assembl\u00e9e le r\u00f4le de conseil et d\u2019\u00e9coute que pouvait avoir les grands-parents lors de ce passage rituel vers l\u2019universit\u00e9<\/p>\n\n\n<div class=\"wp-block-image\">\n<figure class=\"aligncenter size-full is-resized\"><img loading=\"lazy\" decoding=\"async\" width=\"300\" height=\"160\" src=\"https:\/\/egpebordeauxgironde.fr\/wp-content\/uploads\/2025\/05\/mesri_logo_parcoursup-encadre.jpg\" alt=\"\" class=\"wp-image-696\" style=\"width:188px;height:auto\"\/><\/figure>\n<\/div>\n\n\n<h2 class=\"wp-block-heading has-medium-font-size\">Le jeudi 10 avril<\/h2>\n\n\n\n<p>\u00a0\u00bb <strong>\u00catre grand-p\u00e8re au Maroc<\/strong> \u00a0\u00bb Un grand-p\u00e8re marocain Driss Wahbi et Viane Roussillon sont venus t\u00e9moigner sur la grand-parentalit\u00e9 au Maroc.<\/p>\n\n\n\n<h2 class=\"wp-block-heading has-medium-font-size\">Le 27 mars<\/h2>\n\n\n\n<p>\u00a0\u00bb <strong>Atelier fratrie et grand-parentalit\u00e9 <\/strong>\u00a0\u00bb chacun a r\u00e9fl\u00e9chi tant sur le lien \u00e0 l\u2019int\u00e9rieur de la fratrie que sur le mythe familial. Une nouvelle r\u00e9union a \u00e9t\u00e9 programm\u00e9e \u00e0 la demande des participants. Atelier par Christine Delalande-Dauzi\u00e9<\/p>\n\n\n\n<h2 class=\"wp-block-heading has-medium-font-size\">Le 13 mars <\/h2>\n\n\n\n<p>\u00a0\u00bb <strong><u>Se situer et r\u00e9agir face \u00e0 l\u2019orientation homosexuelle d\u2019un petit enfant : la place et le r\u00f4le des grands-parents\u00a0\u00bb.<\/u><\/strong><\/p>\n\n\n\n<p>Conf\u00e9rence (report\u00e9e du 21 novembre 2024 \u00e0 cause de la temp\u00eate). Agn\u00e8s Austchizka a abord\u00e9 les diff\u00e9rentes r\u00e9actions de grands-parents, puis a donn\u00e9 des pistes pour, qu\u2019\u00e0 notre place de grands-parents, nous contribuions \u00e0 ce que l\u2019orientation homosexuelle d\u2019un petit-enfant- toujours source de souffrance et de difficult\u00e9s pour le jeune en particulier &#8211; se vive en famille le plus paisiblement possible.<\/p>\n\n\n\n<h2 class=\"wp-block-heading has-medium-font-size\">Les 14 et 15 f\u00e9vrier<\/h2>\n\n\n\n<p>Nous \u00e9tions pr\u00e9sent au Salon des S\u00e9niors au Palais des Congr\u00e8s de Bordeaux afin de faire d\u00e9couvrir notre association et esp\u00e9rer accueillir de nouveaux adh\u00e9rents.<\/p>\n\n\n\n<h2 class=\"wp-block-heading has-medium-font-size\">Le 4 f\u00e9vrier<\/h2>\n\n\n\n<p>Nous \u00e9tions 25 \u00e0 visiter l&rsquo;usine Cacolac \u00e0 L\u00e9ognan : d\u00e9couverte de la fabrication de ce produit local, madeleine de Proust des Bordelais de tous les \u00e2ges et des autres produits (vins en canettes, caf\u00e9 etc).<\/p>\n\n\n<div class=\"wp-block-image\">\n<figure class=\"aligncenter size-full is-resized\"><img loading=\"lazy\" decoding=\"async\" width=\"300\" height=\"197\" src=\"https:\/\/egpebordeauxgironde.fr\/wp-content\/uploads\/2026\/03\/Cacolac.jpg\" alt=\"\" class=\"wp-image-1160\" style=\"width:187px;height:auto\"\/><\/figure>\n<\/div>\n\n\n<h2 class=\"wp-block-heading has-medium-font-size\">Le jeudi 23 janvier <\/h2>\n\n\n\n<p><strong><u>L\u2019intelligence artificielle&nbsp;: quezaco&nbsp;?<\/u><\/strong>  Florian Bourreille, directeur informatique et s\u00e9curit\u00e9 dans une entreprise de services num\u00e9riques, a  d\u00e9tricot\u00e9 les discours marketing mais aussi les discours fatalistes pour nous aider \u00e0 comprendre de mani\u00e8re simple et pragmatique \u00e0 quoi nous attendre avec l&rsquo;IA.<\/p>\n\n\n<div class=\"wp-block-image\">\n<figure class=\"aligncenter size-full is-resized\"><img loading=\"lazy\" decoding=\"async\" width=\"996\" height=\"664\" src=\"https:\/\/egpebordeauxgironde.fr\/wp-content\/uploads\/2025\/04\/transformation-digitale-MOBIX.png\" alt=\"\" class=\"wp-image-400\" style=\"aspect-ratio:1.4999999454263637;width:193px;height:auto\" srcset=\"https:\/\/egpebordeauxgironde.fr\/wp-content\/uploads\/2025\/04\/transformation-digitale-MOBIX.png 996w, https:\/\/egpebordeauxgironde.fr\/wp-content\/uploads\/2025\/04\/transformation-digitale-MOBIX-300x200.png 300w, https:\/\/egpebordeauxgironde.fr\/wp-content\/uploads\/2025\/04\/transformation-digitale-MOBIX-768x512.png 768w\" sizes=\"auto, (max-width: 996px) 100vw, 996px\" \/><\/figure>\n<\/div>\n\n\n<h2 class=\"wp-block-heading has-medium-font-size\">le 9 janvier 2025<\/h2>\n\n\n\n<p>Nous nous sommes retrouv\u00e9s avec plaisir pour la 1\u00e8re rencontre de l&rsquo;ann\u00e9e 2025 autour d&rsquo;un brunch et de galettes fa\u00e7on \u00ab\u00a0auberge espagnole\u00a0\u00bb Adh\u00e9rents et sympathisants \u00e9taient heureux de pouvoir \u00e9changer et faire plus ample connaissance.<\/p>\n\n\n<div class=\"wp-block-image\">\n<figure class=\"aligncenter size-full is-resized\"><img loading=\"lazy\" decoding=\"async\" width=\"626\" height=\"417\" src=\"https:\/\/egpebordeauxgironde.fr\/wp-content\/uploads\/2025\/04\/seder-paque-familles-partageant-repas-design-est-traditionnel-festival-png-illustrations-art-plat-2d_1142283-340824.jpg\" alt=\"\" class=\"wp-image-84\" style=\"aspect-ratio:1.5011802091364157;width:216px;height:auto\" srcset=\"https:\/\/egpebordeauxgironde.fr\/wp-content\/uploads\/2025\/04\/seder-paque-familles-partageant-repas-design-est-traditionnel-festival-png-illustrations-art-plat-2d_1142283-340824.jpg 626w, https:\/\/egpebordeauxgironde.fr\/wp-content\/uploads\/2025\/04\/seder-paque-familles-partageant-repas-design-est-traditionnel-festival-png-illustrations-art-plat-2d_1142283-340824-600x400.jpg 600w, https:\/\/egpebordeauxgironde.fr\/wp-content\/uploads\/2025\/04\/seder-paque-familles-partageant-repas-design-est-traditionnel-festival-png-illustrations-art-plat-2d_1142283-340824-300x200.jpg 300w\" sizes=\"auto, (max-width: 626px) 100vw, 626px\" \/><\/figure>\n<\/div>\n\n\n<h2 class=\"wp-block-heading alignwide has-text-align-center has-x-large-font-size\">2025<\/h2>\n","protected":false},"excerpt":{"rendered":"<p>le jeudi 26 mars Nous avons accueilli un jeune notaire, Louis Reveleau , dont l&rsquo;\u00e9tude est situ\u00e9e 67 rue Lecoq, et qui a expos\u00e9 \u00e0&hellip;<\/p>\n","protected":false},"author":1,"featured_media":0,"parent":0,"menu_order":0,"comment_status":"closed","ping_status":"closed","template":"","meta":{"footnotes":""},"class_list":["post-1123","page","type-page","status-publish","hentry"],"yoast_head":"<!-- This site is optimized with the Yoast SEO plugin v27.5 - https:\/\/yoast.com\/product\/yoast-seo-wordpress\/ -->\n<title>Nous l&#039;avons fait ! - Ecole des Grands Parents Europ\u00e9ens<\/title>\n<meta name=\"robots\" content=\"index, follow, max-snippet:-1, max-image-preview:large, max-video-preview:-1\" \/>\n<link rel=\"canonical\" href=\"https:\/\/egpebordeauxgironde.fr\/?page_id=1123\" \/>\n<meta property=\"og:locale\" content=\"fr_FR\" \/>\n<meta property=\"og:type\" content=\"article\" \/>\n<meta property=\"og:title\" content=\"Nous l&#039;avons fait ! - Ecole des Grands Parents Europ\u00e9ens\" \/>\n<meta property=\"og:description\" content=\"le jeudi 26 mars Nous avons accueilli un jeune notaire, Louis Reveleau , dont l&rsquo;\u00e9tude est situ\u00e9e 67 rue Lecoq, et qui a expos\u00e9 \u00e0&hellip;\" \/>\n<meta property=\"og:url\" content=\"https:\/\/egpebordeauxgironde.fr\/?page_id=1123\" \/>\n<meta property=\"og:site_name\" content=\"Ecole des Grands Parents Europ\u00e9ens\" \/>\n<meta property=\"article:modified_time\" content=\"2026-03-31T14:46:58+00:00\" \/>\n<meta property=\"og:image\" content=\"https:\/\/egpebordeauxgironde.fr\/wp-content\/uploads\/2026\/03\/site-en-construction-04_clrFFFFFF.png\" \/>\n\t<meta property=\"og:image:width\" content=\"730\" \/>\n\t<meta property=\"og:image:height\" content=\"344\" \/>\n\t<meta property=\"og:image:type\" content=\"image\/png\" \/>\n<meta name=\"twitter:card\" content=\"summary_large_image\" \/>\n<meta name=\"twitter:label1\" content=\"Dur\u00e9e de lecture estim\u00e9e\" \/>\n\t<meta name=\"twitter:data1\" content=\"5 minutes\" \/>\n<script type=\"application\/ld+json\" class=\"yoast-schema-graph\">{\"@context\":\"https:\\\/\\\/schema.org\",\"@graph\":[{\"@type\":\"WebPage\",\"@id\":\"https:\\\/\\\/egpebordeauxgironde.fr\\\/?page_id=1123\",\"url\":\"https:\\\/\\\/egpebordeauxgironde.fr\\\/?page_id=1123\",\"name\":\"Nous l'avons fait ! - Ecole des Grands Parents Europ\u00e9ens\",\"isPartOf\":{\"@id\":\"https:\\\/\\\/egpebordeauxgironde.fr\\\/#website\"},\"primaryImageOfPage\":{\"@id\":\"https:\\\/\\\/egpebordeauxgironde.fr\\\/?page_id=1123#primaryimage\"},\"image\":{\"@id\":\"https:\\\/\\\/egpebordeauxgironde.fr\\\/?page_id=1123#primaryimage\"},\"thumbnailUrl\":\"https:\\\/\\\/egpebordeauxgironde.fr\\\/wp-content\\\/uploads\\\/2025\\\/12\\\/notaire.jpg\",\"datePublished\":\"2026-03-13T14:19:00+00:00\",\"dateModified\":\"2026-03-31T14:46:58+00:00\",\"breadcrumb\":{\"@id\":\"https:\\\/\\\/egpebordeauxgironde.fr\\\/?page_id=1123#breadcrumb\"},\"inLanguage\":\"fr-FR\",\"potentialAction\":[{\"@type\":\"ReadAction\",\"target\":[\"https:\\\/\\\/egpebordeauxgironde.fr\\\/?page_id=1123\"]}]},{\"@type\":\"ImageObject\",\"inLanguage\":\"fr-FR\",\"@id\":\"https:\\\/\\\/egpebordeauxgironde.fr\\\/?page_id=1123#primaryimage\",\"url\":\"https:\\\/\\\/egpebordeauxgironde.fr\\\/wp-content\\\/uploads\\\/2025\\\/12\\\/notaire.jpg\",\"contentUrl\":\"https:\\\/\\\/egpebordeauxgironde.fr\\\/wp-content\\\/uploads\\\/2025\\\/12\\\/notaire.jpg\",\"width\":222,\"height\":225},{\"@type\":\"BreadcrumbList\",\"@id\":\"https:\\\/\\\/egpebordeauxgironde.fr\\\/?page_id=1123#breadcrumb\",\"itemListElement\":[{\"@type\":\"ListItem\",\"position\":1,\"name\":\"Accueil\",\"item\":\"https:\\\/\\\/egpebordeauxgironde.fr\\\/\"},{\"@type\":\"ListItem\",\"position\":2,\"name\":\"Nous l&rsquo;avons fait !\"}]},{\"@type\":\"WebSite\",\"@id\":\"https:\\\/\\\/egpebordeauxgironde.fr\\\/#website\",\"url\":\"https:\\\/\\\/egpebordeauxgironde.fr\\\/\",\"name\":\"EGPE Bordeaux Gironde\",\"description\":\"EGPE Grands Parents Gironde Bordeaux conf\u00e9rences ev\u00e8nements visites petits-enfants\",\"publisher\":{\"@id\":\"https:\\\/\\\/egpebordeauxgironde.fr\\\/#organization\"},\"potentialAction\":[{\"@type\":\"SearchAction\",\"target\":{\"@type\":\"EntryPoint\",\"urlTemplate\":\"https:\\\/\\\/egpebordeauxgironde.fr\\\/?s={search_term_string}\"},\"query-input\":{\"@type\":\"PropertyValueSpecification\",\"valueRequired\":true,\"valueName\":\"search_term_string\"}}],\"inLanguage\":\"fr-FR\"},{\"@type\":\"Organization\",\"@id\":\"https:\\\/\\\/egpebordeauxgironde.fr\\\/#organization\",\"name\":\"Ecole des Grands Parents Europ\u00e9ens Bordeaux Gironde\",\"url\":\"https:\\\/\\\/egpebordeauxgironde.fr\\\/\",\"logo\":{\"@type\":\"ImageObject\",\"inLanguage\":\"fr-FR\",\"@id\":\"https:\\\/\\\/egpebordeauxgironde.fr\\\/#\\\/schema\\\/logo\\\/image\\\/\",\"url\":\"https:\\\/\\\/egpebordeauxgironde.fr\\\/wp-content\\\/uploads\\\/2025\\\/04\\\/cropped-cropped-Nouveau-Bandeau-jpg.jpg\",\"contentUrl\":\"https:\\\/\\\/egpebordeauxgironde.fr\\\/wp-content\\\/uploads\\\/2025\\\/04\\\/cropped-cropped-Nouveau-Bandeau-jpg.jpg\",\"width\":940,\"height\":194,\"caption\":\"Ecole des Grands Parents Europ\u00e9ens Bordeaux Gironde\"},\"image\":{\"@id\":\"https:\\\/\\\/egpebordeauxgironde.fr\\\/#\\\/schema\\\/logo\\\/image\\\/\"}}]}<\/script>\n<!-- \/ Yoast SEO plugin. -->","yoast_head_json":{"title":"Nous l'avons fait ! - Ecole des Grands Parents Europ\u00e9ens","robots":{"index":"index","follow":"follow","max-snippet":"max-snippet:-1","max-image-preview":"max-image-preview:large","max-video-preview":"max-video-preview:-1"},"canonical":"https:\/\/egpebordeauxgironde.fr\/?page_id=1123","og_locale":"fr_FR","og_type":"article","og_title":"Nous l'avons fait ! - Ecole des Grands Parents Europ\u00e9ens","og_description":"le jeudi 26 mars Nous avons accueilli un jeune notaire, Louis Reveleau , dont l&rsquo;\u00e9tude est situ\u00e9e 67 rue Lecoq, et qui a expos\u00e9 \u00e0&hellip;","og_url":"https:\/\/egpebordeauxgironde.fr\/?page_id=1123","og_site_name":"Ecole des Grands Parents Europ\u00e9ens","article_modified_time":"2026-03-31T14:46:58+00:00","og_image":[{"width":730,"height":344,"url":"https:\/\/egpebordeauxgironde.fr\/wp-content\/uploads\/2026\/03\/site-en-construction-04_clrFFFFFF.png","type":"image\/png"}],"twitter_card":"summary_large_image","twitter_misc":{"Dur\u00e9e de lecture estim\u00e9e":"5 minutes"},"schema":{"@context":"https:\/\/schema.org","@graph":[{"@type":"WebPage","@id":"https:\/\/egpebordeauxgironde.fr\/?page_id=1123","url":"https:\/\/egpebordeauxgironde.fr\/?page_id=1123","name":"Nous l'avons fait ! - Ecole des Grands Parents Europ\u00e9ens","isPartOf":{"@id":"https:\/\/egpebordeauxgironde.fr\/#website"},"primaryImageOfPage":{"@id":"https:\/\/egpebordeauxgironde.fr\/?page_id=1123#primaryimage"},"image":{"@id":"https:\/\/egpebordeauxgironde.fr\/?page_id=1123#primaryimage"},"thumbnailUrl":"https:\/\/egpebordeauxgironde.fr\/wp-content\/uploads\/2025\/12\/notaire.jpg","datePublished":"2026-03-13T14:19:00+00:00","dateModified":"2026-03-31T14:46:58+00:00","breadcrumb":{"@id":"https:\/\/egpebordeauxgironde.fr\/?page_id=1123#breadcrumb"},"inLanguage":"fr-FR","potentialAction":[{"@type":"ReadAction","target":["https:\/\/egpebordeauxgironde.fr\/?page_id=1123"]}]},{"@type":"ImageObject","inLanguage":"fr-FR","@id":"https:\/\/egpebordeauxgironde.fr\/?page_id=1123#primaryimage","url":"https:\/\/egpebordeauxgironde.fr\/wp-content\/uploads\/2025\/12\/notaire.jpg","contentUrl":"https:\/\/egpebordeauxgironde.fr\/wp-content\/uploads\/2025\/12\/notaire.jpg","width":222,"height":225},{"@type":"BreadcrumbList","@id":"https:\/\/egpebordeauxgironde.fr\/?page_id=1123#breadcrumb","itemListElement":[{"@type":"ListItem","position":1,"name":"Accueil","item":"https:\/\/egpebordeauxgironde.fr\/"},{"@type":"ListItem","position":2,"name":"Nous l&rsquo;avons fait !"}]},{"@type":"WebSite","@id":"https:\/\/egpebordeauxgironde.fr\/#website","url":"https:\/\/egpebordeauxgironde.fr\/","name":"EGPE Bordeaux Gironde","description":"EGPE Grands Parents Gironde Bordeaux conf\u00e9rences ev\u00e8nements visites petits-enfants","publisher":{"@id":"https:\/\/egpebordeauxgironde.fr\/#organization"},"potentialAction":[{"@type":"SearchAction","target":{"@type":"EntryPoint","urlTemplate":"https:\/\/egpebordeauxgironde.fr\/?s={search_term_string}"},"query-input":{"@type":"PropertyValueSpecification","valueRequired":true,"valueName":"search_term_string"}}],"inLanguage":"fr-FR"},{"@type":"Organization","@id":"https:\/\/egpebordeauxgironde.fr\/#organization","name":"Ecole des Grands Parents Europ\u00e9ens Bordeaux Gironde","url":"https:\/\/egpebordeauxgironde.fr\/","logo":{"@type":"ImageObject","inLanguage":"fr-FR","@id":"https:\/\/egpebordeauxgironde.fr\/#\/schema\/logo\/image\/","url":"https:\/\/egpebordeauxgironde.fr\/wp-content\/uploads\/2025\/04\/cropped-cropped-Nouveau-Bandeau-jpg.jpg","contentUrl":"https:\/\/egpebordeauxgironde.fr\/wp-content\/uploads\/2025\/04\/cropped-cropped-Nouveau-Bandeau-jpg.jpg","width":940,"height":194,"caption":"Ecole des Grands Parents Europ\u00e9ens Bordeaux Gironde"},"image":{"@id":"https:\/\/egpebordeauxgironde.fr\/#\/schema\/logo\/image\/"}}]}},"jetpack_sharing_enabled":true,"_links":{"self":[{"href":"https:\/\/egpebordeauxgironde.fr\/index.php?rest_route=\/wp\/v2\/pages\/1123","targetHints":{"allow":["GET"]}}],"collection":[{"href":"https:\/\/egpebordeauxgironde.fr\/index.php?rest_route=\/wp\/v2\/pages"}],"about":[{"href":"https:\/\/egpebordeauxgironde.fr\/index.php?rest_route=\/wp\/v2\/types\/page"}],"author":[{"embeddable":true,"href":"https:\/\/egpebordeauxgironde.fr\/index.php?rest_route=\/wp\/v2\/users\/1"}],"replies":[{"embeddable":true,"href":"https:\/\/egpebordeauxgironde.fr\/index.php?rest_route=%2Fwp%2Fv2%2Fcomments&post=1123"}],"version-history":[{"count":18,"href":"https:\/\/egpebordeauxgironde.fr\/index.php?rest_route=\/wp\/v2\/pages\/1123\/revisions"}],"predecessor-version":[{"id":1184,"href":"https:\/\/egpebordeauxgironde.fr\/index.php?rest_route=\/wp\/v2\/pages\/1123\/revisions\/1184"}],"wp:attachment":[{"href":"https:\/\/egpebordeauxgironde.fr\/index.php?rest_route=%2Fwp%2Fv2%2Fmedia&parent=1123"}],"curies":[{"name":"wp","href":"https:\/\/api.w.org\/{rel}","templated":true}]}}